{"id":247689,"date":"2018-05-08T07:00:12","date_gmt":"2021-03-21T19:24:49","guid":{"rendered":"https:\/\/shopera.ch\/produkt\/body-de-danse-classique-pour-enfants-avec-bretelles-ajustables-10819c\/"},"modified":"2022-06-20T04:15:25","modified_gmt":"2022-06-20T02:15:25","slug":"body-de-danse-classique-pour-enfants-avec-bretelles-ajustables-10819c","status":"publish","type":"product","link":"https:\/\/shopera.ch\/fr\/produit\/body-de-danse-classique-pour-enfants-avec-bretelles-ajustables-10819c\/","title":{"rendered":"Body de danse classique pour enfants avec bretelles ajustables &#8211; 10819c"},"content":{"rendered":"","protected":false},"excerpt":{"rendered":"<p>Ce body classique de danse classique pour enfants avec bretelles r\u00e9glables est un incontournable pour toute danseuse ambitieuse. Il se d\u00e9marque avant tout par ses mat\u00e9riaux de haute qualit\u00e9. Les bretelles spaghetti r\u00e9glables peuvent \u00eatre facilement ajust\u00e9es et \u00e9galement port\u00e9es en croix. Gr\u00e2ce \u00e0 son mat\u00e9riau sp\u00e9cial, ce body de danse classique est tr\u00e8s doux et souple et neutralise m\u00eame les odeurs et l&#8217;humidit\u00e9.<\/p>\n<p>Mat\u00e9riaux: Coton \/ Lycra.<\/p>\n","protected":false},"featured_media":247690,"template":"","meta":{"_acf_changed":false},"etheme_brands":[{"term_id":7168,"name":"Eurotard","slug":"eurotard","term_group":0,"term_taxonomy_id":7168,"taxonomy":"brand","description":"","parent":0,"count":87,"filter":"raw"}],"product_brand":[],"product_cat":[6409,6569,6579,6344,6548,6389,6328,6402],"product_tag":[6327,6326],"class_list":["post-247689","product","type-product","status-publish","has-post-thumbnail","brand-eurotard","product_cat-30-fr","product_cat-eurotard-enfants","product_cat-enfants","product_cat-eurotard-fr","product_cat-justaucorps-enfants","product_cat-prix-de-vente-en-ligne","product_cat-tout-produits","product_cat-ventes","product_tag-toutes-les-offres","product_tag-ventes","product_shipping_class-b41000-free-fr","first","onbackorder","taxable","shipping-taxable","purchasable","product-type-variable"],"bundled_by":[],"bundle_stock_status":"onbackorder","bundle_stock_quantity":null,"bundle_virtual":false,"bundle_layout":"","bundle_add_to_cart_form_location":"","bundle_editable_in_cart":false,"bundle_sold_individually_context":"","bundle_item_grouping":"","bundle_min_size":"","bundle_max_size":"","bundle_price":[],"bundled_items":[],"bundle_sell_ids":[],"acf":[],"_links":{"self":[{"href":"https:\/\/shopera.ch\/fr\/wp-json\/wp\/v2\/product\/247689","targetHints":{"allow":["GET"]}}],"collection":[{"href":"https:\/\/shopera.ch\/fr\/wp-json\/wp\/v2\/product"}],"about":[{"href":"https:\/\/shopera.ch\/fr\/wp-json\/wp\/v2\/types\/product"}],"wp:featuredmedia":[{"embeddable":true,"href":"https:\/\/shopera.ch\/fr\/wp-json\/wp\/v2\/media\/247690"}],"wp:attachment":[{"href":"https:\/\/shopera.ch\/fr\/wp-json\/wp\/v2\/media?parent=247689"}],"wp:term":[{"taxonomy":"brand","embeddable":true,"href":"https:\/\/shopera.ch\/fr\/wp-json\/wp\/v2\/etheme_brands?post=247689"},{"taxonomy":"product_brand","embeddable":true,"href":"https:\/\/shopera.ch\/fr\/wp-json\/wp\/v2\/product_brand?post=247689"},{"taxonomy":"product_cat","embeddable":true,"href":"https:\/\/shopera.ch\/fr\/wp-json\/wp\/v2\/product_cat?post=247689"},{"taxonomy":"product_tag","embeddable":true,"href":"https:\/\/shopera.ch\/fr\/wp-json\/wp\/v2\/product_tag?post=247689"}],"curies":[{"name":"wp","href":"https:\/\/api.w.org\/{rel}","templated":true}]}}